{"id":123,"date":"2020-10-01T06:39:32","date_gmt":"2020-10-01T06:39:32","guid":{"rendered":"https:\/\/sienaeducacion.com\/espanaenlibertad\/home\/"},"modified":"2025-12-12T14:58:26","modified_gmt":"2025-12-12T14:58:26","slug":"inicio","status":"publish","type":"page","link":"https:\/\/sienaeducacion.com\/espanaenlibertad\/","title":{"rendered":"Inicio"},"content":{"rendered":"\t\t<div data-elementor-type=\"wp-page\" data-elementor-id=\"123\" class=\"elementor elementor-123\">\n\t\t\t\t<div class=\"aux-parallax-section elementor-element elementor-element-d755f06 e-flex e-con-boxed e-con e-parent\" data-id=\"d755f06\" data-element_type=\"container\" id=\"inicio\" data-settings=\"{&quot;background_background&quot;:&quot;classic&quot;}\">\n\t\t\t\t\t<div class=\"e-con-inner\">\n\t\t<div class=\"elementor-element elementor-element-a88e9db e-con-full e-flex e-con e-child\" data-id=\"a88e9db\" data-element_type=\"container\" data-settings=\"{&quot;background_background&quot;:&quot;classic&quot;}\">\n\t\t<div class=\"elementor-element elementor-element-b21940e e-con-full e-flex e-con e-child\" data-id=\"b21940e\" data-element_type=\"container\">\n\t\t<div class=\"elementor-element elementor-element-660ca0e e-con-full e-flex e-con e-child\" data-id=\"660ca0e\" data-element_type=\"container\">\n\t\t\t\t<div class=\"elementor-element elementor-element-96897de aux-appear-watch-animation aux-fade-in-up elementor-widget elementor-widget-aux_modern_heading\" data-id=\"96897de\" data-element_type=\"widget\" data-widget_type=\"aux_modern_heading.default\">\n\t\t\t\t<div class=\"elementor-widget-container\">\n\t\t\t\t\t<section class=\"aux-widget-modern-heading\">\n            <div class=\"aux-widget-inner\"><h3 class=\"aux-modern-heading-primary\">Cinef\u00f3rum para centros educativos<\/h3><h1 class=\"aux-modern-heading-secondary\"><span class=\"aux-head-highlight\">La democracia en Espa\u00f1a a trav\u00e9s de nuestro cine<\/span><\/h1><\/div>\n        <\/section>\t\t\t\t<\/div>\n\t\t\t\t<\/div>\n\t\t\t\t<div class=\"elementor-element elementor-element-b108873 elementor-widget elementor-widget-aux_button\" data-id=\"b108873\" data-element_type=\"widget\" data-widget_type=\"aux_button.default\">\n\t\t\t\t<div class=\"elementor-widget-container\">\n\t\t\t\t\t<a  href=\"#peliculas\" target=\"_self\"   class=\"aux-button aux-medium aux-carmine-pink aux-curve aux-none aux-uppercase\" ><span class=\"aux-overlay\"><\/span><span class=\"aux-text\">Acceso a los materiales educativos<\/span><\/a>\t\t\t\t<\/div>\n\t\t\t\t<\/div>\n\t\t\t\t<\/div>\n\t\t\t\t<\/div>\n\t\t\t\t<div class=\"elementor-element elementor-element-4210cae elementor-widget__width-auto aux-appear-watch-animation aux-slide-from-left elementor-widget elementor-widget-aux_icon_list\" data-id=\"4210cae\" data-element_type=\"widget\" data-widget_type=\"aux_icon_list.default\">\n\t\t\t\t<div class=\"elementor-widget-container\">\n\t\t\t\t\t<section class=\"widget-container aux-widget-icon-list aux-parent-au8a1933fe\"><div class=\"widget-inner\"><div class=\"aux-widget-icon-list-inner\"><ul class=\"aux-icon-list-items aux-direction-horizontal\"><li class=\"aux-icon-list-item aux-list-item-has-icon aux-icon-list-item-ef1fea4 elementor-repeater-item-ef1fea4\"><a class=\"aux-icon-list-link\" href=\"https:\/\/x.com\/50enLibertad\"><i aria-hidden=\"true\" class=\"aux-icon-list-icon fab fa-x-twitter\"><\/i><\/a><\/li><li class=\"aux-icon-list-item aux-list-item-has-icon aux-icon-list-item-c7a139b elementor-repeater-item-c7a139b\"><a class=\"aux-icon-list-link\" href=\"https:\/\/www.facebook.com\/profile.php?id=61568145383677\"><i aria-hidden=\"true\" class=\"aux-icon-list-icon fab fa-facebook-f\"><\/i><\/a><\/li><li class=\"aux-icon-list-item aux-list-item-has-icon aux-icon-list-item-80a443f elementor-repeater-item-80a443f\"><a class=\"aux-icon-list-link\" href=\"https:\/\/www.instagram.com\/50enlibertad\/?igsh=bnBzcGd3cDkxbDBt\"><i aria-hidden=\"true\" class=\"aux-icon-list-icon fab fa-instagram\"><\/i><\/a><\/li><li class=\"aux-icon-list-item aux-list-item-has-icon aux-icon-list-item-3052e7a elementor-repeater-item-3052e7a\"><a class=\"aux-icon-list-link\" href=\"https:\/\/www.youtube.com\/channel\/UCh6ok7GGzPE3cIlKIz9CmdA\"><i aria-hidden=\"true\" class=\"aux-icon-list-icon fab fa-youtube\"><\/i><\/a><\/li><\/ul><\/div><\/div><\/section><!-- widget-container -->\t\t\t\t<\/div>\n\t\t\t\t<\/div>\n\t\t<div class=\"elementor-element elementor-element-03f64f7 e-con-full e-flex e-con e-child\" data-id=\"03f64f7\" data-element_type=\"container\">\n\t\t<div class=\"elementor-element elementor-element-9fcab4c e-con-full e-flex e-con e-child\" data-id=\"9fcab4c\" data-element_type=\"container\">\n\t\t\t\t<div class=\"elementor-element elementor-element-2084dd7 elementor-widget__width-auto elementor-widget-mobile__width-inherit aux-appear-watch-animation aux-slide-from-right elementor-widget elementor-widget-aux_text\" data-id=\"2084dd7\" data-element_type=\"widget\" data-widget_type=\"aux_text.default\">\n\t\t\t\t<div class=\"elementor-widget-container\">\n\t\t\t\t\t<section class=\"widget-container aux-widget-text aux-parent-aud1f0eb3c\">        <div class=\"aux-widget-advanced-text aux-wrap-style-simple aux-ico-pos-top aux-text-center aux-text-resp-left aux-text-color-dark aux-text-widget-bg-center  \" >\n        \n            \n            <div class=\"aux-text-inner aux-text-widget-content\">\n                                <div class=\"widget-content\">\n                                        <p>M\u00e1s info en <a href=\"https:\/\/espanaenlibertad.gob.es\/\" target=\"_blank\" rel=\"noopener\">espanaenlibertad.gob.es<\/a><\/p>                <\/div>\n                            <\/div>\n        <\/div>\n                    <div class=\"aux-text-widget-footer\">\n                <div class=\"aux-border-shape-none \">\n                                <\/div>\n            <\/div>\n        \n<\/section><!-- widget-container -->\t\t\t\t<\/div>\n\t\t\t\t<\/div>\n\t\t\t\t<\/div>\n\t\t<div class=\"elementor-element elementor-element-91b61ca e-con-full e-flex e-con e-child\" data-id=\"91b61ca\" data-element_type=\"container\">\n\t\t\t\t<div class=\"elementor-element elementor-element-d5d808d elementor-widget elementor-widget-text-editor\" data-id=\"d5d808d\" data-element_type=\"widget\" data-widget_type=\"text-editor.default\">\n\t\t\t\t<div class=\"elementor-widget-container\">\n\t\t\t\t\t\t\t\t\t<p style=\"text-align: right;\"><span style=\"color: #ffffff;\">#Espanaenlibertad<\/span><\/p>\t\t\t\t\t\t\t\t<\/div>\n\t\t\t\t<\/div>\n\t\t\t\t<\/div>\n\t\t\t\t<\/div>\n\t\t\t\t<\/div>\n\t\t\t\t\t<\/div>\n\t\t\t\t<\/div>\n\t\t<div class=\"aux-parallax-section elementor-element elementor-element-1441962 e-flex e-con-boxed e-con e-parent\" data-id=\"1441962\" data-element_type=\"container\" id=\"sobre-el-proyecto\" data-settings=\"{&quot;background_background&quot;:&quot;classic&quot;}\">\n\t\t\t\t\t<div class=\"e-con-inner\">\n\t\t<div class=\"elementor-element elementor-element-a3cf802 e-con-full e-flex e-con e-child\" data-id=\"a3cf802\" data-element_type=\"container\">\n\t\t\t\t<\/div>\n\t\t<div class=\"elementor-element elementor-element-ceabcb4 e-con-full e-flex e-con e-child\" data-id=\"ceabcb4\" data-element_type=\"container\">\n\t\t\t\t<div class=\"elementor-element elementor-element-315dfbc elementor-widget__width-auto aux-appear-watch-animation aux-fade-in-down elementor-widget elementor-widget-aux_modern_heading\" data-id=\"315dfbc\" data-element_type=\"widget\" data-widget_type=\"aux_modern_heading.default\">\n\t\t\t\t<div class=\"elementor-widget-container\">\n\t\t\t\t\t<section class=\"aux-widget-modern-heading\">\n            <div class=\"aux-widget-inner\"><h2 class=\"aux-modern-heading-primary\"><\/h2><div class=\"aux-modern-heading-description\"><p>Este ciclo propone trabajar la memoria democr\u00e1tica, la igualdad y la participaci\u00f3n ciudadana a partir de cinef\u00f3rum en el aula. Cada pel\u00edcula incluye materiales did\u00e1cticos diferenciados por niveles educativos, con actividades y propuestas de trabajo para desarrollar competencias clave a trav\u00e9s del conocimiento y la comprensi\u00f3n del significado de la democracia.<\/p><\/div><\/div>\n        <\/section>\t\t\t\t<\/div>\n\t\t\t\t<\/div>\n\t\t\t\t<div class=\"elementor-element elementor-element-d59aa9b aux-appear-watch-animation aux-fade-in-down elementor-widget elementor-widget-image\" data-id=\"d59aa9b\" data-element_type=\"widget\" data-widget_type=\"image.default\">\n\t\t\t\t<div class=\"elementor-widget-container\">\n\t\t\t\t\t\t\t\t\t\t\t\t\t\t\t<img decoding=\"async\" width=\"320\" height=\"107\" src=\"https:\/\/sienaeducacion.com\/espanaenlibertad\/wp-content\/uploads\/ministerio-educacion.png\" class=\"attachment-large size-large wp-image-453\" alt=\"\" \/>\t\t\t\t\t\t\t\t\t\t\t\t\t\t\t<\/div>\n\t\t\t\t<\/div>\n\t\t\t\t<\/div>\n\t\t\t\t\t<\/div>\n\t\t\t\t<\/div>\n\t\t<div class=\"aux-parallax-section elementor-element elementor-element-16cebfe e-flex e-con-boxed e-con e-parent\" data-id=\"16cebfe\" data-element_type=\"container\" id=\"peliculas\">\n\t\t\t\t\t<div class=\"e-con-inner\">\n\t\t<div class=\"elementor-element elementor-element-f28c3cc e-con-full e-flex e-con e-child\" data-id=\"f28c3cc\" data-element_type=\"container\">\n\t\t\t\t<div class=\"elementor-element elementor-element-355b7f9 elementor-widget__width-auto aux-appear-watch-animation aux-scale-down elementor-widget elementor-widget-aux_modern_heading\" data-id=\"355b7f9\" data-element_type=\"widget\" data-widget_type=\"aux_modern_heading.default\">\n\t\t\t\t<div class=\"elementor-widget-container\">\n\t\t\t\t\t<section class=\"aux-widget-modern-heading\">\n            <div class=\"aux-widget-inner\"><h5 class=\"aux-modern-heading-primary\"><\/h5><h2 class=\"aux-modern-heading-secondary\"><span class=\"aux-head-highlight\">Pel\u00edculas y materiales did\u00e1cticos<\/span><\/h2><div class=\"aux-modern-heading-description\"><p>Accediendo a cada una de las pel\u00edculas se encuentran los enlaces a la pel\u00edcula y a los materiales para cada nivel educativo: 1\u00ba y 2\u00ba ESO, 3\u00ba y 4\u00ba ESO, Formaci\u00f3n Profesional B\u00e1sica y Bachillerato.<\/p>\n<p>\u00a0<\/p>\n<p>Para poder proceder al visionado de cada pel\u00edcula deber\u00e1 crear una cuenta de usuario.<\/p><\/div><\/div>\n        <\/section>\t\t\t\t<\/div>\n\t\t\t\t<\/div>\n\t\t\t\t<div class=\"elementor-element elementor-element-865121d elementor-widget elementor-widget-aux_button\" data-id=\"865121d\" data-element_type=\"widget\" data-widget_type=\"aux_button.default\">\n\t\t\t\t<div class=\"elementor-widget-container\">\n\t\t\t\t\t<a  href=\"https:\/\/x.gd\/ezqXO\" target=\"_blank\"   class=\"aux-button aux-medium aux-carmine-pink aux-curve aux-none aux-uppercase\" ><span class=\"aux-overlay\"><\/span><span class=\"aux-text\">Crear cuenta<\/span><\/a>\t\t\t\t<\/div>\n\t\t\t\t<\/div>\n\t\t\t\t<\/div>\n\t\t<div class=\"elementor-element elementor-element-c9a2280 e-con-full e-flex e-con e-child\" data-id=\"c9a2280\" data-element_type=\"container\">\n\t\t<div class=\"elementor-element elementor-element-10a0280 e-con-full e-flex e-con e-child\" data-id=\"10a0280\" data-element_type=\"container\">\n\t\t\t\t<div class=\"elementor-element elementor-element-9a3978f elementor-widget__width-initial elementor-widget elementor-widget-aux_recent_portfolios_grid\" data-id=\"9a3978f\" data-element_type=\"widget\" data-settings=\"{&quot;columns&quot;:&quot;3&quot;,&quot;columns_tablet&quot;:&quot;inherit&quot;,&quot;columns_mobile&quot;:&quot;1&quot;}\" data-widget_type=\"aux_recent_portfolios_grid.default\">\n\t\t\t\t<div class=\"elementor-widget-container\">\n\t\t\t\t\t<section class=\"widget-container aux-widget-recent-portfolios aux-parent-au49dee007\"><div id=\"69f26e2c3fdc7\" data-element-id=\"au49dee007\" class=\"aux-portfolio-columns aux-ajax-view aux-isotope-animated aux-isotope-layout aux-layout-grid aux-no-gutter aux-row aux-match-height aux-de-col3 aux-tb-col3 aux-mb-col1\" data-lazyload=\"true\" data-space=\"30\" data-pagination=\"true\" data-deeplink=\"true\" data-slug=\"\" data-perpage=\"8\" data-layout=\"fitRows\" data-reveal-transition-duration=\"600\" data-reveal-between-delay=\"60\" data-hide-transition-duration=\"600\" data-hide-between-delay=\"30\" data-num=\"\" data-order=\"DESC\" data-orderby=\"date\" data-taxonomy=\"\" data-n=\"f5df7af718\"><div class=\"aux-items-loading aux-loading-hide\"><div class=\"aux-loading-loop\"><svg class=\"aux-circle\" width=\"100%\" height=\"100%\" viewBox=\"0 0 42 42\"><circle class=\"aux-stroke-bg\" r=\"20\" cx=\"21\" cy=\"21\" fill=\"none\"><\/circle><circle class=\"aux-progress\" r=\"20\" cx=\"21\" cy=\"21\" fill=\"none\" transform=\"rotate(-90 21 21)\"><\/circle><\/svg><\/div><\/div><div class=\"aux-iso-item aux-loading aux-col\">                         <article class=\"aux-item-overlay aux-hover-active  post-481 portfolio type-portfolio status-publish has-post-thumbnail hentry portfolio-cat-uncategorized portfolio-tag-uncategorized portfolio-filter-uncategorized\" >\n                                <div class=\"entry-media aux-frame-darken aux-frame-zoom \">\n                                    <div class=\"aux-media-frame aux-media-image\"><a href=\"https:\/\/sienaeducacion.com\/espanaenlibertad\/peliculas\/solas\/\"><img fetchpriority=\"high\" width=\"500\" height=\"750\" class=\"aux-attachment aux-featured-image attachment-500x750 aux-attachment-id-486 \" alt=\"solas\" data-ratio=\"0.75\" data-original-w=\"500\" sizes=\"auto\" data-srcset=\"https:\/\/sienaeducacion.com\/espanaenlibertad\/wp-content\/uploads\/solas-150x200.png 150w,https:\/\/sienaeducacion.com\/espanaenlibertad\/wp-content\/uploads\/solas-300x399.png 300w,https:\/\/sienaeducacion.com\/espanaenlibertad\/wp-content\/uploads\/solas-607x807.png 500w,https:\/\/sienaeducacion.com\/espanaenlibertad\/wp-content\/uploads\/solas-490x651.png 490w\" data-src=\"https:\/\/sienaeducacion.com\/espanaenlibertad\/wp-content\/uploads\/solas-607x807.png\" \/><\/a><\/div>                                <\/div>\n\n                                <div class=\"aux-overlay-content\">\n                                                                                                            <div class=\"entry-main\">\n\n                                                                        <header class=\"entry-header\">\n                                        <h3 class=\"entry-title aux-hover-move-up\">\n                                            <a href=\"https:\/\/sienaeducacion.com\/espanaenlibertad\/peliculas\/solas\/\">\n                                                Solas                                            <\/a>\n                                        <\/h3>\n                                    <\/header>\n                                                                                                                                                <div class=\"entry-read-more aux-hover-move-up aux-delay-1x\">\n                                        <span class=\"aux-read-more\">\n                                            <a href=\"https:\/\/sienaeducacion.com\/espanaenlibertad\/peliculas\/solas\/\">Ver m\u00e1s<\/a>                                            \n                                        <\/span>\n                                    <\/div>\n                                                                        <\/div>\n                                                                <\/div>\n                        <\/article>\n<\/div><div class=\"aux-iso-item aux-loading aux-col\">                         <article class=\"aux-item-overlay aux-hover-active  post-396 portfolio type-portfolio status-publish has-post-thumbnail hentry portfolio-tag-uncategorized portfolio-filter-uncategorized\" >\n                                <div class=\"entry-media aux-frame-darken aux-frame-zoom \">\n                                    <div class=\"aux-media-frame aux-media-image\"><a href=\"https:\/\/sienaeducacion.com\/espanaenlibertad\/peliculas\/el-extrano-viaje\/\"><img width=\"606\" height=\"806\" class=\"aux-attachment aux-featured-image attachment-606.66666666667x806.86666666667 aux-attachment-id-397 \" alt=\"el-extra\u00f1o-viaje\" data-ratio=\"0.75\" data-original-w=\"1200\" sizes=\"auto\" data-srcset=\"https:\/\/sienaeducacion.com\/espanaenlibertad\/wp-content\/uploads\/el-extrano-viaje-150x200.jpg 150w,https:\/\/sienaeducacion.com\/espanaenlibertad\/wp-content\/uploads\/el-extrano-viaje-300x399.jpg 300w,https:\/\/sienaeducacion.com\/espanaenlibertad\/wp-content\/uploads\/el-extrano-viaje-768x1021.jpg 768w,https:\/\/sienaeducacion.com\/espanaenlibertad\/wp-content\/uploads\/el-extrano-viaje-1024x1362.jpg 1024w,https:\/\/sienaeducacion.com\/espanaenlibertad\/wp-content\/uploads\/el-extrano-viaje-607x807.jpg 607w,https:\/\/sienaeducacion.com\/espanaenlibertad\/wp-content\/uploads\/el-extrano-viaje-1190x1582.jpg 1190w\" data-src=\"https:\/\/sienaeducacion.com\/espanaenlibertad\/wp-content\/uploads\/el-extrano-viaje-607x807.jpg\" \/><\/a><\/div>                                <\/div>\n\n                                <div class=\"aux-overlay-content\">\n                                                                                                            <div class=\"entry-main\">\n\n                                                                        <header class=\"entry-header\">\n                                        <h3 class=\"entry-title aux-hover-move-up\">\n                                            <a href=\"https:\/\/sienaeducacion.com\/espanaenlibertad\/peliculas\/el-extrano-viaje\/\">\n                                                El extra\u00f1o viaje                                            <\/a>\n                                        <\/h3>\n                                    <\/header>\n                                                                                                                                                <div class=\"entry-read-more aux-hover-move-up aux-delay-1x\">\n                                        <span class=\"aux-read-more\">\n                                            <a href=\"https:\/\/sienaeducacion.com\/espanaenlibertad\/peliculas\/el-extrano-viaje\/\">Ver m\u00e1s<\/a>                                            \n                                        <\/span>\n                                    <\/div>\n                                                                        <\/div>\n                                                                <\/div>\n                        <\/article>\n<\/div><div class=\"aux-iso-item aux-loading aux-col\">                         <article class=\"aux-item-overlay aux-hover-active  post-342 portfolio type-portfolio status-publish has-post-thumbnail hentry portfolio-tag-uncategorized portfolio-filter-uncategorized\" >\n                                <div class=\"entry-media aux-frame-darken aux-frame-zoom \">\n                                    <div class=\"aux-media-frame aux-media-image\"><a href=\"https:\/\/sienaeducacion.com\/espanaenlibertad\/peliculas\/clara-campoamor-un-voto-para-despertar\/\"><img loading=\"lazy\" width=\"606\" height=\"806\" class=\"aux-attachment aux-featured-image attachment-606.66666666667x806.86666666667 aux-attachment-id-343 \" alt=\"clara_campoamor_un_voto_para_despertar\" data-ratio=\"0.75\" data-original-w=\"717\" sizes=\"auto\" data-srcset=\"https:\/\/sienaeducacion.com\/espanaenlibertad\/wp-content\/uploads\/clara_campoamor_un_voto_para_despertar-150x200.jpg 150w,https:\/\/sienaeducacion.com\/espanaenlibertad\/wp-content\/uploads\/clara_campoamor_un_voto_para_despertar-300x399.jpg 300w,https:\/\/sienaeducacion.com\/espanaenlibertad\/wp-content\/uploads\/clara_campoamor_un_voto_para_despertar-607x807.jpg 607w,https:\/\/sienaeducacion.com\/espanaenlibertad\/wp-content\/uploads\/clara_campoamor_un_voto_para_despertar-707x940.jpg 707w\" data-src=\"https:\/\/sienaeducacion.com\/espanaenlibertad\/wp-content\/uploads\/clara_campoamor_un_voto_para_despertar-607x807.jpg\" \/><\/a><\/div>                                <\/div>\n\n                                <div class=\"aux-overlay-content\">\n                                                                                                            <div class=\"entry-main\">\n\n                                                                        <header class=\"entry-header\">\n                                        <h3 class=\"entry-title aux-hover-move-up\">\n                                            <a href=\"https:\/\/sienaeducacion.com\/espanaenlibertad\/peliculas\/clara-campoamor-un-voto-para-despertar\/\">\n                                                Clara Campoamor. Un voto para despertar                                            <\/a>\n                                        <\/h3>\n                                    <\/header>\n                                                                                                                                                <div class=\"entry-read-more aux-hover-move-up aux-delay-1x\">\n                                        <span class=\"aux-read-more\">\n                                            <a href=\"https:\/\/sienaeducacion.com\/espanaenlibertad\/peliculas\/clara-campoamor-un-voto-para-despertar\/\">Ver m\u00e1s<\/a>                                            \n                                        <\/span>\n                                    <\/div>\n                                                                        <\/div>\n                                                                <\/div>\n                        <\/article>\n<\/div><div class=\"aux-iso-item aux-loading aux-col\">                         <article class=\"aux-item-overlay aux-hover-active  post-474 portfolio type-portfolio status-publish has-post-thumbnail hentry portfolio-tag-uncategorized portfolio-filter-uncategorized\" >\n                                <div class=\"entry-media aux-frame-darken aux-frame-zoom \">\n                                    <div class=\"aux-media-frame aux-media-image\"><a href=\"https:\/\/sienaeducacion.com\/espanaenlibertad\/peliculas\/la-escopeta-nacional\/\"><img loading=\"lazy\" width=\"557\" height=\"775\" class=\"aux-attachment aux-featured-image attachment-557x775 aux-attachment-id-543 \" alt=\"la-escopeta-nacional\" data-ratio=\"0.75\" data-original-w=\"557\" sizes=\"auto\" data-srcset=\"https:\/\/sienaeducacion.com\/espanaenlibertad\/wp-content\/uploads\/la-escopeta-nacional-1-150x200.jpg 150w,https:\/\/sienaeducacion.com\/espanaenlibertad\/wp-content\/uploads\/la-escopeta-nacional-1-300x399.jpg 300w,https:\/\/sienaeducacion.com\/espanaenlibertad\/wp-content\/uploads\/la-escopeta-nacional-1-607x807.jpg 557w,https:\/\/sienaeducacion.com\/espanaenlibertad\/wp-content\/uploads\/la-escopeta-nacional-1-547x727.jpg 547w\" data-src=\"https:\/\/sienaeducacion.com\/espanaenlibertad\/wp-content\/uploads\/la-escopeta-nacional-1-607x807.jpg\" \/><\/a><\/div>                                <\/div>\n\n                                <div class=\"aux-overlay-content\">\n                                                                                                            <div class=\"entry-main\">\n\n                                                                        <header class=\"entry-header\">\n                                        <h3 class=\"entry-title aux-hover-move-up\">\n                                            <a href=\"https:\/\/sienaeducacion.com\/espanaenlibertad\/peliculas\/la-escopeta-nacional\/\">\n                                                La escopeta nacional                                            <\/a>\n                                        <\/h3>\n                                    <\/header>\n                                                                                                                                                <div class=\"entry-read-more aux-hover-move-up aux-delay-1x\">\n                                        <span class=\"aux-read-more\">\n                                            <a href=\"https:\/\/sienaeducacion.com\/espanaenlibertad\/peliculas\/la-escopeta-nacional\/\">Ver m\u00e1s<\/a>                                            \n                                        <\/span>\n                                    <\/div>\n                                                                        <\/div>\n                                                                <\/div>\n                        <\/article>\n<\/div><div class=\"aux-iso-item aux-loading aux-col\">                         <article class=\"aux-item-overlay aux-hover-active  post-109 portfolio type-portfolio status-publish has-post-thumbnail hentry portfolio-tag-espana portfolio-filter-apta\" >\n                                <div class=\"entry-media aux-frame-darken aux-frame-zoom \">\n                                    <div class=\"aux-media-frame aux-media-image\"><a href=\"https:\/\/sienaeducacion.com\/espanaenlibertad\/peliculas\/techo-y-comida\/\"><img loading=\"lazy\" width=\"606\" height=\"806\" class=\"aux-attachment aux-featured-image attachment-606.66666666667x806.86666666667 aux-attachment-id-280 \" alt=\"Techo y comida\" data-ratio=\"0.75\" data-original-w=\"1000\" sizes=\"auto\" data-srcset=\"https:\/\/sienaeducacion.com\/espanaenlibertad\/wp-content\/uploads\/techoycomida-150x200.jpg 150w,https:\/\/sienaeducacion.com\/espanaenlibertad\/wp-content\/uploads\/techoycomida-300x399.jpg 300w,https:\/\/sienaeducacion.com\/espanaenlibertad\/wp-content\/uploads\/techoycomida-768x1021.jpg 768w,https:\/\/sienaeducacion.com\/espanaenlibertad\/wp-content\/uploads\/techoycomida-607x807.jpg 607w,https:\/\/sienaeducacion.com\/espanaenlibertad\/wp-content\/uploads\/techoycomida-990x1316.jpg 990w\" data-src=\"https:\/\/sienaeducacion.com\/espanaenlibertad\/wp-content\/uploads\/techoycomida-607x807.jpg\" \/><\/a><\/div>                                <\/div>\n\n                                <div class=\"aux-overlay-content\">\n                                                                                                            <div class=\"entry-main\">\n\n                                                                        <header class=\"entry-header\">\n                                        <h3 class=\"entry-title aux-hover-move-up\">\n                                            <a href=\"https:\/\/sienaeducacion.com\/espanaenlibertad\/peliculas\/techo-y-comida\/\">\n                                                Techo y comida                                            <\/a>\n                                        <\/h3>\n                                    <\/header>\n                                                                                                                                                <div class=\"entry-read-more aux-hover-move-up aux-delay-1x\">\n                                        <span class=\"aux-read-more\">\n                                            <a href=\"https:\/\/sienaeducacion.com\/espanaenlibertad\/peliculas\/techo-y-comida\/\">Ver m\u00e1s<\/a>                                            \n                                        <\/span>\n                                    <\/div>\n                                                                        <\/div>\n                                                                <\/div>\n                        <\/article>\n<\/div><\/div><script type=\"text\/javascript\">var au49dee007AjaxConfig = {\"title\":\"\",\"cat\":[],\"num\":\"\",\"only_posts__in\":\"\",\"include\":\"\",\"exclude\":\"\",\"posts_per_page\":-1,\"offset\":\"\",\"order_by\":\"date\",\"order\":\"DESC\",\"exclude_without_media\":\"yes\",\"display_like\":\"no\",\"deeplink\":\"no\",\"use_ajax\":\"\",\"deeplink_slug\":null,\"show_filters\":\"\",\"filter_by\":null,\"filter_style\":null,\"filter_align\":null,\"reveal_transition_duration\":\"600\",\"reveal_between_delay\":\"60\",\"hide_transition_duration\":\"600\",\"hide_between_delay\":\"30\",\"item_style\":\"overlay\",\"tile_style_pattern\":\"default\",\"tiles_item_style\":\"overlay\",\"entry_background_color\":\"\",\"entry_border_color\":\"\",\"paginate\":\"yes\",\"perpage\":\"8\",\"crop\":true,\"display_title\":\"yes\",\"show_info\":\"\",\"display_read_more\":true,\"image_aspect_ratio\":\"1.33\",\"space\":\"30\",\"desktop_cnum\":\"3\",\"tablet_cnum\":\"inherit\",\"phone_cnum\":\"1\",\"layout\":\"grid\",\"tag\":\"\",\"filter\":\"\",\"extra_classes\":\"\",\"extra_column_classes\":\"\",\"custom_el_id\":\"\",\"template_part_file\":\"recent-portfolio\",\"extra_template_path\":\"\\\/srv\\\/vhost\\\/sienaeducacion.com\\\/home\\\/html\\\/espanaenlibertad\\\/wp-content\\\/plugins\\\/auxin-portfolio\\\/public\\\/templates\\\/elements\",\"universal_id\":\"au49dee007\",\"query_args\":[],\"term\":\"\",\"reset_query\":true,\"use_wp_query\":false,\"wp_query_args\":[],\"custom_wp_query\":\"\",\"loadmore_type\":null,\"loadmore_label\":null,\"loadmore_per_page\":12,\"term_field\":\"slug\",\"base\":\"aux_recent_portfolios_grid\",\"base_class\":\"aux-widget-recent-portfolios\",\"paged\":\"\",\"override_global_query\":false,\"content\":null,\"skip_wrappers\":false,\"content_width\":2000,\"inview_transition\":\"none\",\"inview_duration\":\"\",\"inview_delay\":\"\",\"inview_repeat\":\"no\",\"inview_offset\":\"\",\"called_from\":\"elementor\"};<\/script><\/section><!-- widget-container -->\t\t\t\t<\/div>\n\t\t\t\t<\/div>\n\t\t\t\t<div class=\"elementor-element elementor-element-2c53f67 elementor-widget__width-initial elementor-widget elementor-widget-text-editor\" data-id=\"2c53f67\" data-element_type=\"widget\" data-widget_type=\"text-editor.default\">\n\t\t\t\t<div class=\"elementor-widget-container\">\n\t\t\t\t\t\t\t\t\t<p style=\"text-align: center;\">Se incorporar\u00e1n m\u00e1s contenidos en enero de 2026.<\/p>\t\t\t\t\t\t\t\t<\/div>\n\t\t\t\t<\/div>\n\t\t\t\t<\/div>\n\t\t\t\t<\/div>\n\t\t\t\t\t<\/div>\n\t\t\t\t<\/div>\n\t\t\t\t<\/div>\n\t\t","protected":false},"excerpt":{"rendered":"<p>Cinef\u00f3rum para centros educativos La democracia en Espa\u00f1a a trav\u00e9s de nuestro cine Acceso a los materiales educativos M\u00e1s info en espanaenlibertad.gob.es #Espanaenlibertad Este ciclo propone trabajar la memoria democr\u00e1tica, la igualdad y la participaci\u00f3n ciudadana a partir de cinef\u00f3rum en el aula. Cada pel\u00edcula incluye materiales did\u00e1cticos diferenciados por niveles educativos, con actividades y [&hellip;]<\/p>\n","protected":false},"author":1,"featured_media":0,"parent":0,"menu_order":0,"comment_status":"closed","ping_status":"closed","template":"templates\/page-builder-content.php","meta":{"footnotes":""},"class_list":["post-123","page","type-page","status-publish","hentry"],"_links":{"self":[{"href":"https:\/\/sienaeducacion.com\/espanaenlibertad\/wp-json\/wp\/v2\/pages\/123","targetHints":{"allow":["GET"]}}],"collection":[{"href":"https:\/\/sienaeducacion.com\/espanaenlibertad\/wp-json\/wp\/v2\/pages"}],"about":[{"href":"https:\/\/sienaeducacion.com\/espanaenlibertad\/wp-json\/wp\/v2\/types\/page"}],"author":[{"embeddable":true,"href":"https:\/\/sienaeducacion.com\/espanaenlibertad\/wp-json\/wp\/v2\/users\/1"}],"replies":[{"embeddable":true,"href":"https:\/\/sienaeducacion.com\/espanaenlibertad\/wp-json\/wp\/v2\/comments?post=123"}],"version-history":[{"count":229,"href":"https:\/\/sienaeducacion.com\/espanaenlibertad\/wp-json\/wp\/v2\/pages\/123\/revisions"}],"predecessor-version":[{"id":587,"href":"https:\/\/sienaeducacion.com\/espanaenlibertad\/wp-json\/wp\/v2\/pages\/123\/revisions\/587"}],"wp:attachment":[{"href":"https:\/\/sienaeducacion.com\/espanaenlibertad\/wp-json\/wp\/v2\/media?parent=123"}],"curies":[{"name":"wp","href":"https:\/\/api.w.org\/{rel}","templated":true}]}}